{"id":1639,"date":"2019-02-06T09:07:30","date_gmt":"2019-02-06T09:07:30","guid":{"rendered":"https:\/\/hotellescapcades.com\/hotel-horta-sant-joan\/habitacions\/membrado\/"},"modified":"2019-06-06T09:31:32","modified_gmt":"2019-06-06T09:31:32","slug":"membrado","status":"publish","type":"page","link":"https:\/\/hotellescapcades.com\/ca\/hotel-horta-sant-joan\/habitacions\/membrado\/","title":{"rendered":"Habitaci\u00f3 Membrado"},"content":{"rendered":"\n\t\t\t<h1>Habitaci\u00f3 Membrado<\/h1>\t\t\t\n\t\t\t<h3>Descripci\u00f3 de l&#8217;habitaci\u00f3 <\/h3>\t\t\t\n\t\t\t\t<p>Discreta habitaci\u00f3 dedicada al compositor de sardanes, fill d&#8217;Horta de Sant Joan, Tom\u00e0s Gil Membrado. \u00c9s el nostre petit homenatge a un dels compositors m\u00e9s prol\u00edfics, amb m\u00e9s de mil sardanes premiades. Com la resta de les habitacions, disposa dels millors equipaments i serveis per fer de la teva estada a la Terra Alta, una experi\u00e8ncia inoblidable. <\/p>\n\t\t\t\t<table>\n\t\t\t\t\t<thead>\n\t\t\t\t\t\t\t\t\t\t\t\t\t\t<th rowspan=\"\" colspan=\"\" >\n\t\t\t\t\t\t\t\t\t\t Serveis \n\t\t\t\t\t\t\t\t\t\t\t\t\t\t\t\t\t<\/th> \n\t\t\t\t\t\t\t\t\t\t\t<\/thead>\n\t\t\t\t\t<tbody>\n\t\t\t\t\t\t\t\t\t\t\t\t\t\t\t<tr> \n\t\t\t\t\t\t\t\t\t\t\t\t\t\t\t\t\t\t\t\t<td colspan=\"\" rowspan=\"\"> \n\t\t\t\t\t\t\t\t\t\t\t\t\t\t\t\t\t\t\t\t\t\t\t\t\t\t\t\t\t\t<img decoding=\"async\" src=\"https:\/\/hotellescapcades.com\/wp-content\/uploads\/2019\/02\/ice-crystal.svg\"\/>\n\t\t\t\t\t\t\t\t\t\t\t\t\t\t\t Calefacci\u00f3 &#8211; Aire condicionat \n\t\t\t\t\t\t\t\t\t\t\t\t\t\t\t\t\t\t\t\t\t\t<\/td>\n\t\t\t\t\t\t\t\t\t\t\t\t\t\t\t\t<td colspan=\"\" rowspan=\"\"> \n\t\t\t\t\t\t\t\t\t\t\t\t\t\t\t\t\t\t\t\t\t\t\t\t\t\t\t\t\t\t<img decoding=\"async\" src=\"https:\/\/hotellescapcades.com\/wp-content\/uploads\/2019\/02\/amenities.svg\"\/>\n\t\t\t\t\t\t\t\t\t\t\t\t\t\t\t Amenities \n\t\t\t\t\t\t\t\t\t\t\t\t\t\t\t\t\t\t\t\t\t\t<\/td>\n\t\t\t\t\t\t\t\t\t\t\t\t\t\t\t\t<td colspan=\"\" rowspan=\"\"> \n\t\t\t\t\t\t\t\t\t\t\t\t\t\t\t\t\t\t\t\t\t\t\t\t\t\t\t\t\t\t<img decoding=\"async\" src=\"https:\/\/hotellescapcades.com\/wp-content\/uploads\/2019\/02\/jacuzzi.svg\"\/>\n\t\t\t\t\t\t\t\t\t\t\t\t\t\t\t Jacuzzi \n\t\t\t\t\t\t\t\t\t\t\t\t\t\t\t\t\t\t\t\t\t\t<\/td>\n\t\t\t\t\t\t\t\t\t\t\t\t\t\t\t<tr> \n\t\t\t\t\t\t\t\t\t\t\t\t\t\t\t\t\t\t\t\t<td colspan=\"\" rowspan=\"\"> \n\t\t\t\t\t\t\t\t\t\t\t\t\t\t\t\t\t\t\t\t\t\t\t\t\t\t\t\t\t\t<img decoding=\"async\" src=\"https:\/\/hotellescapcades.com\/wp-content\/uploads\/2019\/02\/phone-call.svg\"\/>\n\t\t\t\t\t\t\t\t\t\t\t\t\t\t\t Tel\u00e8fon \n\t\t\t\t\t\t\t\t\t\t\t\t\t\t\t\t\t\t\t\t\t\t<\/td>\n\t\t\t\t\t\t\t\t\t\t\t\t\t\t\t\t<td colspan=\"\" rowspan=\"\"> \n\t\t\t\t\t\t\t\t\t\t\t\t\t\t\t\t\t\t\t\t\t\t\t\t\t\t\t\t\t\t<img decoding=\"async\" src=\"https:\/\/hotellescapcades.com\/wp-content\/uploads\/2019\/02\/screen.svg\"\/>\n\t\t\t\t\t\t\t\t\t\t\t\t\t\t\t TV Sat\u00e8l\u00b7lit \n\t\t\t\t\t\t\t\t\t\t\t\t\t\t\t\t\t\t\t\t\t\t<\/td>\n\t\t\t\t\t\t\t\t\t\t\t\t\t\t\t\t<td colspan=\"\" rowspan=\"\"> \n\t\t\t\t\t\t\t\t\t\t\t\t\t\t\t\t\t\t\t\t\t\t\t\t\t\t\t\t\t\t<img decoding=\"async\" src=\"https:\/\/hotellescapcades.com\/wp-content\/uploads\/2019\/02\/wifi.svg\"\/>\n\t\t\t\t\t\t\t\t\t\t\t\t\t\t\t Internet \n\t\t\t\t\t\t\t\t\t\t\t\t\t\t\t\t\t\t\t\t\t\t<\/td>\n\t\t\t\t\t\t\t\t\t\t\t\t\t\t\t<tr> \n\t\t\t\t\t\t\t\t\t\t\t\t\t\t\t\t\t\t\t\t<td colspan=\"\" rowspan=\"\"> \n\t\t\t\t\t\t\t\t\t\t\t\t\t\t\t\t\t\t\t\t\t\t\t\t\t\t\t\t\t\t<img decoding=\"async\" src=\"https:\/\/hotellescapcades.com\/wp-content\/uploads\/2019\/02\/safe.svg\"\/>\n\t\t\t\t\t\t\t\t\t\t\t\t\t\t\t Caixa forta \n\t\t\t\t\t\t\t\t\t\t\t\t\t\t\t\t\t\t\t\t\t\t<\/td>\n\t\t\t\t\t\t\t\t\t\t\t\t\t\t\t\t<td colspan=\"\" rowspan=\"\"> \n\t\t\t\t\t\t\t\t\t\t\t\t\t\t\t\t\t\t\t\t\t\t\t\t\t\t\t\t\t\t<img decoding=\"async\" src=\"https:\/\/hotellescapcades.com\/wp-content\/uploads\/2019\/02\/minibar.svg\"\/>\n\t\t\t\t\t\t\t\t\t\t\t\t\t\t\t Moble bar \n\t\t\t\t\t\t\t\t\t\t\t\t\t\t\t\t\t\t\t\t\t\t<\/td>\n\t\t\t\t\t\t\t\t\t\t\t\t\t\t\t\t<td colspan=\"\" rowspan=\"\"> \n\t\t\t\t\t\t\t\t\t\t\t\t\t\t\t\t\t\t\t\t\t\t\t\t\t\t\t\t\t\t<img decoding=\"async\" src=\"https:\/\/hotellescapcades.com\/wp-content\/uploads\/2019\/02\/terrace.svg\"\/>\n\t\t\t\t\t\t\t\t\t\t\t\t\t\t\t Terrassa \n\t\t\t\t\t\t\t\t\t\t\t\t\t\t\t\t\t\t\t\t\t\t<\/td>\n\t\t\t\t\t\t\t\t\t\t\t<\/tbody>\n\t\t\t\t<\/table>\n\t\t\t<h3>Consulta les nostres <a href=\"..\/..\/..\/tarifes-hotel-horta-sant-joan\/\">tarifes i ofertes<\/a> per allotjar-te al cor de la Terra Alta<\/h3>\t\t\t\n\t\t\t<a href=\"https:\/\/hotellescapcades.com\/ca\/hotel-horta-sant-joan\/habitacions\/\" target=\"_self\"   role=\"button\" rel=\"noopener noreferrer\">\n\t\t\t\t\t\t\tVEURE M\u00c9S HABITACIONS\n\t\t<\/a>\n","protected":false},"excerpt":{"rendered":"<p>Habitaci\u00f3 Membrado Descripci\u00f3 de l&#8217;habitaci\u00f3 Discreta habitaci\u00f3 dedicada al compositor de sardanes, fill d&#8217;Horta de Sant Joan, Tom\u00e0s Gil Membrado. \u00c9s el nostre petit homenatge a un dels compositors m\u00e9s prol\u00edfics, amb m\u00e9s de mil sardanes premiades. Com la resta de les habitacions, disposa dels millors equipaments i serveis per fer de la teva estada [&hellip;]<\/p>\n","protected":false},"author":1,"featured_media":0,"parent":1581,"menu_order":0,"comment_status":"closed","ping_status":"open","template":"","meta":{"_genesis_hide_title":false,"_genesis_hide_breadcrumbs":false,"_genesis_hide_singular_image":false,"_genesis_hide_footer_widgets":false,"_genesis_custom_body_class":"","_genesis_custom_post_class":"","_genesis_layout":"","footnotes":""},"class_list":{"0":"post-1639","1":"page","2":"type-page","3":"status-publish","5":"entry","6":"has-post-thumbnail"},"yoast_head":"<!-- This site is optimized with the Yoast SEO plugin v27.5 - https:\/\/yoast.com\/product\/yoast-seo-wordpress\/ -->\n<title>Habitaci\u00f3 Membrado - Hotel Les Cap\u00e7ades<\/title>\n<meta name=\"robots\" content=\"index, follow, max-snippet:-1, max-image-preview:large, max-video-preview:-1\" \/>\n<link rel=\"canonical\" href=\"https:\/\/hotellescapcades.com\/ca\/hotel-horta-sant-joan\/habitacions\/membrado\/\" \/>\n<meta property=\"og:locale\" content=\"ca_ES\" \/>\n<meta property=\"og:type\" content=\"article\" \/>\n<meta property=\"og:title\" content=\"Habitaci\u00f3 Membrado - Hotel Les Cap\u00e7ades\" \/>\n<meta property=\"og:description\" content=\"Habitaci\u00f3 Membrado Descripci\u00f3 de l&#8217;habitaci\u00f3 Discreta habitaci\u00f3 dedicada al compositor de sardanes, fill d&#8217;Horta de Sant Joan, Tom\u00e0s Gil Membrado. \u00c9s el nostre petit homenatge a un dels compositors m\u00e9s prol\u00edfics, amb m\u00e9s de mil sardanes premiades. Com la resta de les habitacions, disposa dels millors equipaments i serveis per fer de la teva estada [&hellip;]\" \/>\n<meta property=\"og:url\" content=\"https:\/\/hotellescapcades.com\/ca\/hotel-horta-sant-joan\/habitacions\/membrado\/\" \/>\n<meta property=\"og:site_name\" content=\"Hotel Les Cap\u00e7ades\" \/>\n<meta property=\"article:modified_time\" content=\"2019-06-06T09:31:32+00:00\" \/>\n<meta property=\"og:image\" content=\"https:\/\/hotellescapcades.com\/wp-content\/uploads\/2019\/02\/ice-crystal.svg\" \/>\n<meta name=\"twitter:card\" content=\"summary_large_image\" \/>\n<meta name=\"twitter:label1\" content=\"Temps estimat de lectura\" \/>\n\t<meta name=\"twitter:data1\" content=\"1 minut\" \/>\n<script type=\"application\/ld+json\" class=\"yoast-schema-graph\">{\"@context\":\"https:\\\/\\\/schema.org\",\"@graph\":[{\"@type\":\"WebPage\",\"@id\":\"https:\\\/\\\/hotellescapcades.com\\\/ca\\\/hotel-horta-sant-joan\\\/habitacions\\\/membrado\\\/\",\"url\":\"https:\\\/\\\/hotellescapcades.com\\\/ca\\\/hotel-horta-sant-joan\\\/habitacions\\\/membrado\\\/\",\"name\":\"Habitaci\u00f3 Membrado - Hotel Les Cap\u00e7ades\",\"isPartOf\":{\"@id\":\"https:\\\/\\\/hotellescapcades.com\\\/#website\"},\"primaryImageOfPage\":{\"@id\":\"https:\\\/\\\/hotellescapcades.com\\\/ca\\\/hotel-horta-sant-joan\\\/habitacions\\\/membrado\\\/#primaryimage\"},\"image\":{\"@id\":\"https:\\\/\\\/hotellescapcades.com\\\/ca\\\/hotel-horta-sant-joan\\\/habitacions\\\/membrado\\\/#primaryimage\"},\"thumbnailUrl\":\"https:\\\/\\\/hotellescapcades.com\\\/wp-content\\\/uploads\\\/2019\\\/02\\\/ice-crystal.svg\",\"datePublished\":\"2019-02-06T09:07:30+00:00\",\"dateModified\":\"2019-06-06T09:31:32+00:00\",\"breadcrumb\":{\"@id\":\"https:\\\/\\\/hotellescapcades.com\\\/ca\\\/hotel-horta-sant-joan\\\/habitacions\\\/membrado\\\/#breadcrumb\"},\"inLanguage\":\"ca\",\"potentialAction\":[{\"@type\":\"ReadAction\",\"target\":[\"https:\\\/\\\/hotellescapcades.com\\\/ca\\\/hotel-horta-sant-joan\\\/habitacions\\\/membrado\\\/\"]}]},{\"@type\":\"ImageObject\",\"inLanguage\":\"ca\",\"@id\":\"https:\\\/\\\/hotellescapcades.com\\\/ca\\\/hotel-horta-sant-joan\\\/habitacions\\\/membrado\\\/#primaryimage\",\"url\":\"https:\\\/\\\/hotellescapcades.com\\\/wp-content\\\/uploads\\\/2019\\\/02\\\/ice-crystal.svg\",\"contentUrl\":\"https:\\\/\\\/hotellescapcades.com\\\/wp-content\\\/uploads\\\/2019\\\/02\\\/ice-crystal.svg\"},{\"@type\":\"BreadcrumbList\",\"@id\":\"https:\\\/\\\/hotellescapcades.com\\\/ca\\\/hotel-horta-sant-joan\\\/habitacions\\\/membrado\\\/#breadcrumb\",\"itemListElement\":[{\"@type\":\"ListItem\",\"position\":1,\"name\":\"Portada\",\"item\":\"https:\\\/\\\/hotellescapcades.com\\\/ca\\\/\"},{\"@type\":\"ListItem\",\"position\":2,\"name\":\"Hotel\",\"item\":\"https:\\\/\\\/hotellescapcades.com\\\/ca\\\/hotel-horta-sant-joan\\\/\"},{\"@type\":\"ListItem\",\"position\":3,\"name\":\"Habitacions\",\"item\":\"https:\\\/\\\/hotellescapcades.com\\\/ca\\\/hotel-horta-sant-joan\\\/habitacions\\\/\"},{\"@type\":\"ListItem\",\"position\":4,\"name\":\"Habitaci\u00f3 Membrado\"}]},{\"@type\":\"WebSite\",\"@id\":\"https:\\\/\\\/hotellescapcades.com\\\/#website\",\"url\":\"https:\\\/\\\/hotellescapcades.com\\\/\",\"name\":\"Hotel Les Cap\u00e7ades\",\"description\":\"\",\"publisher\":{\"@id\":\"https:\\\/\\\/hotellescapcades.com\\\/#organization\"},\"potentialAction\":[{\"@type\":\"SearchAction\",\"target\":{\"@type\":\"EntryPoint\",\"urlTemplate\":\"https:\\\/\\\/hotellescapcades.com\\\/?s={search_term_string}\"},\"query-input\":{\"@type\":\"PropertyValueSpecification\",\"valueRequired\":true,\"valueName\":\"search_term_string\"}}],\"inLanguage\":\"ca\"},{\"@type\":\"Organization\",\"@id\":\"https:\\\/\\\/hotellescapcades.com\\\/#organization\",\"name\":\"Hotel Les Cap\u00e7ades\",\"url\":\"https:\\\/\\\/hotellescapcades.com\\\/\",\"logo\":{\"@type\":\"ImageObject\",\"inLanguage\":\"ca\",\"@id\":\"https:\\\/\\\/hotellescapcades.com\\\/#\\\/schema\\\/logo\\\/image\\\/\",\"url\":\"https:\\\/\\\/hotellescapcades.com\\\/wp-content\\\/uploads\\\/2019\\\/01\\\/logo.svg\",\"contentUrl\":\"https:\\\/\\\/hotellescapcades.com\\\/wp-content\\\/uploads\\\/2019\\\/01\\\/logo.svg\",\"width\":374.36,\"height\":92.99,\"caption\":\"Hotel Les Cap\u00e7ades\"},\"image\":{\"@id\":\"https:\\\/\\\/hotellescapcades.com\\\/#\\\/schema\\\/logo\\\/image\\\/\"}}]}<\/script>\n<!-- \/ Yoast SEO plugin. -->","yoast_head_json":{"title":"Habitaci\u00f3 Membrado - Hotel Les Cap\u00e7ades","robots":{"index":"index","follow":"follow","max-snippet":"max-snippet:-1","max-image-preview":"max-image-preview:large","max-video-preview":"max-video-preview:-1"},"canonical":"https:\/\/hotellescapcades.com\/ca\/hotel-horta-sant-joan\/habitacions\/membrado\/","og_locale":"ca_ES","og_type":"article","og_title":"Habitaci\u00f3 Membrado - Hotel Les Cap\u00e7ades","og_description":"Habitaci\u00f3 Membrado Descripci\u00f3 de l&#8217;habitaci\u00f3 Discreta habitaci\u00f3 dedicada al compositor de sardanes, fill d&#8217;Horta de Sant Joan, Tom\u00e0s Gil Membrado. \u00c9s el nostre petit homenatge a un dels compositors m\u00e9s prol\u00edfics, amb m\u00e9s de mil sardanes premiades. Com la resta de les habitacions, disposa dels millors equipaments i serveis per fer de la teva estada [&hellip;]","og_url":"https:\/\/hotellescapcades.com\/ca\/hotel-horta-sant-joan\/habitacions\/membrado\/","og_site_name":"Hotel Les Cap\u00e7ades","article_modified_time":"2019-06-06T09:31:32+00:00","og_image":[{"url":"https:\/\/hotellescapcades.com\/wp-content\/uploads\/2019\/02\/ice-crystal.svg","type":"","width":"","height":""}],"twitter_card":"summary_large_image","twitter_misc":{"Temps estimat de lectura":"1 minut"},"schema":{"@context":"https:\/\/schema.org","@graph":[{"@type":"WebPage","@id":"https:\/\/hotellescapcades.com\/ca\/hotel-horta-sant-joan\/habitacions\/membrado\/","url":"https:\/\/hotellescapcades.com\/ca\/hotel-horta-sant-joan\/habitacions\/membrado\/","name":"Habitaci\u00f3 Membrado - Hotel Les Cap\u00e7ades","isPartOf":{"@id":"https:\/\/hotellescapcades.com\/#website"},"primaryImageOfPage":{"@id":"https:\/\/hotellescapcades.com\/ca\/hotel-horta-sant-joan\/habitacions\/membrado\/#primaryimage"},"image":{"@id":"https:\/\/hotellescapcades.com\/ca\/hotel-horta-sant-joan\/habitacions\/membrado\/#primaryimage"},"thumbnailUrl":"https:\/\/hotellescapcades.com\/wp-content\/uploads\/2019\/02\/ice-crystal.svg","datePublished":"2019-02-06T09:07:30+00:00","dateModified":"2019-06-06T09:31:32+00:00","breadcrumb":{"@id":"https:\/\/hotellescapcades.com\/ca\/hotel-horta-sant-joan\/habitacions\/membrado\/#breadcrumb"},"inLanguage":"ca","potentialAction":[{"@type":"ReadAction","target":["https:\/\/hotellescapcades.com\/ca\/hotel-horta-sant-joan\/habitacions\/membrado\/"]}]},{"@type":"ImageObject","inLanguage":"ca","@id":"https:\/\/hotellescapcades.com\/ca\/hotel-horta-sant-joan\/habitacions\/membrado\/#primaryimage","url":"https:\/\/hotellescapcades.com\/wp-content\/uploads\/2019\/02\/ice-crystal.svg","contentUrl":"https:\/\/hotellescapcades.com\/wp-content\/uploads\/2019\/02\/ice-crystal.svg"},{"@type":"BreadcrumbList","@id":"https:\/\/hotellescapcades.com\/ca\/hotel-horta-sant-joan\/habitacions\/membrado\/#breadcrumb","itemListElement":[{"@type":"ListItem","position":1,"name":"Portada","item":"https:\/\/hotellescapcades.com\/ca\/"},{"@type":"ListItem","position":2,"name":"Hotel","item":"https:\/\/hotellescapcades.com\/ca\/hotel-horta-sant-joan\/"},{"@type":"ListItem","position":3,"name":"Habitacions","item":"https:\/\/hotellescapcades.com\/ca\/hotel-horta-sant-joan\/habitacions\/"},{"@type":"ListItem","position":4,"name":"Habitaci\u00f3 Membrado"}]},{"@type":"WebSite","@id":"https:\/\/hotellescapcades.com\/#website","url":"https:\/\/hotellescapcades.com\/","name":"Hotel Les Cap\u00e7ades","description":"","publisher":{"@id":"https:\/\/hotellescapcades.com\/#organization"},"potentialAction":[{"@type":"SearchAction","target":{"@type":"EntryPoint","urlTemplate":"https:\/\/hotellescapcades.com\/?s={search_term_string}"},"query-input":{"@type":"PropertyValueSpecification","valueRequired":true,"valueName":"search_term_string"}}],"inLanguage":"ca"},{"@type":"Organization","@id":"https:\/\/hotellescapcades.com\/#organization","name":"Hotel Les Cap\u00e7ades","url":"https:\/\/hotellescapcades.com\/","logo":{"@type":"ImageObject","inLanguage":"ca","@id":"https:\/\/hotellescapcades.com\/#\/schema\/logo\/image\/","url":"https:\/\/hotellescapcades.com\/wp-content\/uploads\/2019\/01\/logo.svg","contentUrl":"https:\/\/hotellescapcades.com\/wp-content\/uploads\/2019\/01\/logo.svg","width":374.36,"height":92.99,"caption":"Hotel Les Cap\u00e7ades"},"image":{"@id":"https:\/\/hotellescapcades.com\/#\/schema\/logo\/image\/"}}]}},"_links":{"self":[{"href":"https:\/\/hotellescapcades.com\/ca\/wp-json\/wp\/v2\/pages\/1639","targetHints":{"allow":["GET"]}}],"collection":[{"href":"https:\/\/hotellescapcades.com\/ca\/wp-json\/wp\/v2\/pages"}],"about":[{"href":"https:\/\/hotellescapcades.com\/ca\/wp-json\/wp\/v2\/types\/page"}],"author":[{"embeddable":true,"href":"https:\/\/hotellescapcades.com\/ca\/wp-json\/wp\/v2\/users\/1"}],"replies":[{"embeddable":true,"href":"https:\/\/hotellescapcades.com\/ca\/wp-json\/wp\/v2\/comments?post=1639"}],"version-history":[{"count":5,"href":"https:\/\/hotellescapcades.com\/ca\/wp-json\/wp\/v2\/pages\/1639\/revisions"}],"predecessor-version":[{"id":1785,"href":"https:\/\/hotellescapcades.com\/ca\/wp-json\/wp\/v2\/pages\/1639\/revisions\/1785"}],"up":[{"embeddable":true,"href":"https:\/\/hotellescapcades.com\/ca\/wp-json\/wp\/v2\/pages\/1581"}],"wp:attachment":[{"href":"https:\/\/hotellescapcades.com\/ca\/wp-json\/wp\/v2\/media?parent=1639"}],"curies":[{"name":"wp","href":"https:\/\/api.w.org\/{rel}","templated":true}]}}